{"id":345,"date":"2014-12-02T13:45:44","date_gmt":"2014-12-02T13:45:44","guid":{"rendered":"http:\/\/katholischerkindergarten-piding.de\/?page_id=345"},"modified":"2025-08-04T12:21:24","modified_gmt":"2025-08-04T12:21:24","slug":"impressum","status":"publish","type":"page","link":"https:\/\/katholischerkindergarten-piding.de\/?page_id=345","title":{"rendered":"Impressum"},"content":{"rendered":"<h1 class=\"entry-title\">Impressum<\/h1>\n<p><!-- .entry-header --><\/p>\n<div class=\"entry-summary\">\n<p><strong>Impressum<\/strong><\/p>\n<p><strong>Gesetzliche Anbieterkennung:<\/strong><\/p>\n<p><b>Kath. Kirchenstiftung Mari\u00e4 Himmelfahrt Feldkirchen<\/b><\/p>\n<p><strong>KiTa-Tr\u00e4gerverbund H\u00f6gl<\/strong><\/p>\n<p><strong>Ludwig-Thoma-Str. 2<\/strong><\/p>\n<p><strong>83404 Ainring<\/strong><\/p>\n<p><strong>Tel. 08651\/71429-22<\/strong><\/p>\n<p><strong>E-Mail: kita-verbund.hoegl@ebmuc.de<\/strong><\/p>\n<p><strong>Inhaltlich Verantwortlicher gem\u00e4\u00df \u00a7 55 RStV:<\/strong><\/p>\n<p>Pfarrer Wernher Bien<\/p>\n<p>Verwaltungsleiter Andreas Koder<\/p>\n<p><strong>Rechtliche Hinweise zur Webseite<\/strong><\/p>\n<p>Alle Texte, Bilder und weiter hier ver\u00f6ffentlichten Informationen unterliegen dem Urheberrecht des Anbieters, soweit nicht Urheberrechte Dritter bestehen. In jedem Fall ist eine Vervielf\u00e4ltigung, Verbreitung oder \u00f6ffentliche Wiedergabe ausschlie\u00dflich im Falle einer widerruflichen und nicht \u00fcbertragbaren Zustimmung des Anbieters nicht \u00a0gestattet.<\/p>\n<p>F\u00fcr alle mittels Querverweis (Link) verbundenen Webinhalte \u00fcbernimmt der Anbieter keine Verantwortung, da es sich hierbei nicht um eigene Inhalte handelt. Die verlinkten Seiten wurden auf rechtswidrige Inhalte \u00fcberpr\u00fcft, zum Zeitpunkt der Verlinkung waren solche nicht erkennbar. Verantwortlich f\u00fcr den Inhalt der verlinkten Seiten ist deren Betreiber. Der Anbieter hat hierzu keine allgemeine \u00dcberwachungs- und Pr\u00fcfungspflicht. Bei Bekanntwerden einer Rechtsverletzung wird der entsprechende Link jedoch umgehend entfernt.<\/p>\n<\/div>\n","protected":false},"excerpt":{"rendered":"<p>Impressum Impressum Gesetzliche Anbieterkennung: Kath. Kirchenstiftung Mari\u00e4 Himmelfahrt Feldkirchen KiTa-Tr\u00e4gerverbund H\u00f6gl Ludwig-Thoma-Str. 2 83404 Ainring Tel. 08651\/71429-22 E-Mail: kita-verbund.hoegl@ebmuc.de Inhaltlich Verantwortlicher gem\u00e4\u00df \u00a7 55 RStV: Pfarrer Wernher Bien Verwaltungsleiter Andreas Koder Rechtliche Hinweise zur Webseite Alle Texte, Bilder und weiter hier ver\u00f6ffentlichten Informationen unterliegen dem Urheberrecht des Anbieters, soweit nicht Urheberrechte Dritter bestehen. In jedem [&hellip;]<\/p>\n","protected":false},"author":1,"featured_media":0,"parent":0,"menu_order":9,"comment_status":"closed","ping_status":"closed","template":"","meta":{"footnotes":""},"class_list":["post-345","page","type-page","status-publish","hentry"],"_links":{"self":[{"href":"https:\/\/katholischerkindergarten-piding.de\/index.php?rest_route=\/wp\/v2\/pages\/345","targetHints":{"allow":["GET"]}}],"collection":[{"href":"https:\/\/katholischerkindergarten-piding.de\/index.php?rest_route=\/wp\/v2\/pages"}],"about":[{"href":"https:\/\/katholischerkindergarten-piding.de\/index.php?rest_route=\/wp\/v2\/types\/page"}],"author":[{"embeddable":true,"href":"https:\/\/katholischerkindergarten-piding.de\/index.php?rest_route=\/wp\/v2\/users\/1"}],"replies":[{"embeddable":true,"href":"https:\/\/katholischerkindergarten-piding.de\/index.php?rest_route=%2Fwp%2Fv2%2Fcomments&post=345"}],"version-history":[{"count":9,"href":"https:\/\/katholischerkindergarten-piding.de\/index.php?rest_route=\/wp\/v2\/pages\/345\/revisions"}],"predecessor-version":[{"id":2306,"href":"https:\/\/katholischerkindergarten-piding.de\/index.php?rest_route=\/wp\/v2\/pages\/345\/revisions\/2306"}],"wp:attachment":[{"href":"https:\/\/katholischerkindergarten-piding.de\/index.php?rest_route=%2Fwp%2Fv2%2Fmedia&parent=345"}],"curies":[{"name":"wp","href":"https:\/\/api.w.org\/{rel}","templated":true}]}}